{"id":445,"date":"2025-12-22T00:00:00","date_gmt":"2025-12-21T23:00:00","guid":{"rendered":"https:\/\/svenskahogtider.se\/jul\/?post_type=dagens_datum&#038;p=445"},"modified":"2025-12-04T23:21:30","modified_gmt":"2025-12-04T22:21:30","slug":"22-december","status":"publish","type":"dagens_datum","link":"https:\/\/svenskahogtider.se\/jul\/dagens_datum\/22-december\/","title":{"rendered":"22 december"},"content":{"rendered":"\n<p>N\u00e4r julen blev elektrisk \u2013 Edisons historiska ljusshow den 22 december 1882<\/p>\n\n\n\n<p>Den 22 december 1882 f\u00f6r\u00e4ndrades julfirandet f\u00f6r alltid. Det var d\u00e5 Thomas Edison, en av USA:s fr\u00e4msta uppfinnare, presenterade den f\u00f6rsta elektriska julbelysningen. Vid den tiden var elektriskt ljus fortfarande en sensation, och Edisons demonstration skulle snart komma att forma julens utseende i hela v\u00e4rlden.<\/p>\n\n\n\n<p>Edison hade redan skapat de f\u00f6rsta praktiskt anv\u00e4ndbara gl\u00f6dlamporna, men nu ville han visa hur elektricitet kunde anv\u00e4ndas p\u00e5 nya och estetiska s\u00e4tt. Inf\u00f6r julen 1882 dekorerade han sitt laboratorium i Menlo Park med handgjorda elektriska ljus i r\u00f6tt, vitt och bl\u00e5tt. Dessa var f\u00f6reg\u00e5ngare till dagens julgranslampor, men betydligt st\u00f6rre och mer avancerade f\u00f6r sin tid.<\/p>\n\n\n\n<p>Bes\u00f6kare som f\u00e4rdades med t\u00e5g genom omr\u00e5det kunde se den lysande installationen fr\u00e5n sp\u00e5ret \u2013 en glittrande syn som v\u00e4ckte stor uppm\u00e4rksamhet. Tidningar rapporterade om den revolutionerande id\u00e9n, och demonstrationens effekt var omedelbar: Edison hade visat att elektricitet inte bara var praktisk, utan ocks\u00e5 vacker.<\/p>\n\n\n\n<p>Trots succ\u00e9n dr\u00f6jde det innan elektrisk julbelysning blev vanlig i hemmen. De tidiga lamporna var dyra, och installationen kr\u00e4vde b\u00e5de teknisk kunskap och s\u00e4kerhets\u00e5tg\u00e4rder. Men under 1900-talets f\u00f6rsta decennier b\u00f6rjade massproduktionen ta fart, och snart var elektriska ljus en sj\u00e4lvklar del av julfirandet i b\u00e5de USA och Europa.<\/p>\n\n\n\n<p>I Sverige slog elektrisk julbelysning igenom p\u00e5 bred front under 1920- och 1930-talen. De ersatte gradvis levande ljus, som alltid innebar en brandrisk. Elektriska ljusslingor gjorde det m\u00f6jligt att dekorera b\u00e5de granar, fasader och gator p\u00e5 ett helt nytt s\u00e4tt. Idag \u00e4r Edisons innovation s\u00e5 sj\u00e4lvklar att jul utan elektriskt ljus \u00e4r sv\u00e5rt att f\u00f6rest\u00e4lla sig.<br>Edisons ljusshow den <strong>22 december 1882<\/strong> markerade b\u00f6rjan p\u00e5 en tradition som idag lyser upp vinterm\u00f6rkret v\u00e4rlden \u00f6ver. Genom hans vision fick julen inte bara mer glans \u2013 den fick ett helt nytt skimmer.<\/p>\n","protected":false},"excerpt":{"rendered":"<p>N\u00e4r julen blev elektrisk \u2013 Edisons historiska ljusshow den 22 december 1882 Den 22 december 1882 f\u00f6r\u00e4ndrades julfirandet f\u00f6r alltid. Det var d\u00e5 Thomas Edison, en av USA:s fr\u00e4msta uppfinnare, presenterade den f\u00f6rsta elektriska julbelysningen. Vid den tiden var elektriskt ljus fortfarande en sensation, och Edisons demonstration skulle snart komma att forma julens utseende i [&hellip;]<\/p>\n","protected":false},"author":1,"featured_media":486,"template":"","meta":{"_acf_changed":false},"categories":[1],"tags":[],"class_list":["post-445","dagens_datum","type-dagens_datum","status-publish","has-post-thumbnail","hentry","category-okategoriserade"],"acf":[],"yoast_head":"<!-- This site is optimized with the Yoast SEO plugin v27.5 - https:\/\/yoast.com\/product\/yoast-seo-wordpress\/ -->\n<title>22 december 2025 - l\u00e4s mer om dagens betydelse inf\u00f6r Jul en<\/title>\n<meta name=\"description\" content=\"L\u00e4s mer om vad som h\u00e4nder denna datum i v\u00e4ntan p\u00e5 julen.\" \/>\n<meta name=\"robots\" content=\"index, follow, max-snippet:-1, max-image-preview:large, max-video-preview:-1\" \/>\n<link rel=\"canonical\" href=\"https:\/\/svenskahogtider.se\/jul\/dagens_datum\/22-december\/\" \/>\n<meta property=\"og:locale\" content=\"sv_SE\" \/>\n<meta property=\"og:type\" content=\"article\" \/>\n<meta property=\"og:title\" content=\"22 december 2025 - l\u00e4s mer om dagens betydelse inf\u00f6r Jul en\" \/>\n<meta property=\"og:description\" content=\"L\u00e4s mer om vad som h\u00e4nder denna datum i v\u00e4ntan p\u00e5 julen.\" \/>\n<meta property=\"og:url\" content=\"https:\/\/svenskahogtider.se\/jul\/dagens_datum\/22-december\/\" \/>\n<meta property=\"og:site_name\" content=\"Jul\" \/>\n<meta property=\"og:image\" content=\"https:\/\/svenskahogtider.se\/jul\/wp-content\/uploads\/sites\/3\/2025\/12\/22-december.jpg\" \/>\n\t<meta property=\"og:image:width\" content=\"2304\" \/>\n\t<meta property=\"og:image:height\" content=\"1792\" \/>\n\t<meta property=\"og:image:type\" content=\"image\/jpeg\" \/>\n<meta name=\"twitter:card\" content=\"summary_large_image\" \/>\n<meta name=\"twitter:label1\" content=\"Ber\u00e4knad l\u00e4stid\" \/>\n\t<meta name=\"twitter:data1\" content=\"2 minuter\" \/>\n<script type=\"application\/ld+json\" class=\"yoast-schema-graph\">{\"@context\":\"https:\\\/\\\/schema.org\",\"@graph\":[{\"@type\":\"WebPage\",\"@id\":\"https:\\\/\\\/svenskahogtider.se\\\/jul\\\/dagens_datum\\\/22-december\\\/\",\"url\":\"https:\\\/\\\/svenskahogtider.se\\\/jul\\\/dagens_datum\\\/22-december\\\/\",\"name\":\"22 december 2025 - l\u00e4s mer om dagens betydelse inf\u00f6r Jul en\",\"isPartOf\":{\"@id\":\"https:\\\/\\\/svenskahogtider.se\\\/jul\\\/#website\"},\"primaryImageOfPage\":{\"@id\":\"https:\\\/\\\/svenskahogtider.se\\\/jul\\\/dagens_datum\\\/22-december\\\/#primaryimage\"},\"image\":{\"@id\":\"https:\\\/\\\/svenskahogtider.se\\\/jul\\\/dagens_datum\\\/22-december\\\/#primaryimage\"},\"thumbnailUrl\":\"https:\\\/\\\/svenskahogtider.se\\\/jul\\\/wp-content\\\/uploads\\\/sites\\\/3\\\/2025\\\/12\\\/22-december.jpg\",\"datePublished\":\"2025-12-21T23:00:00+00:00\",\"description\":\"L\u00e4s mer om vad som h\u00e4nder denna datum i v\u00e4ntan p\u00e5 julen.\",\"breadcrumb\":{\"@id\":\"https:\\\/\\\/svenskahogtider.se\\\/jul\\\/dagens_datum\\\/22-december\\\/#breadcrumb\"},\"inLanguage\":\"sv-SE\",\"potentialAction\":[{\"@type\":\"ReadAction\",\"target\":[\"https:\\\/\\\/svenskahogtider.se\\\/jul\\\/dagens_datum\\\/22-december\\\/\"]}]},{\"@type\":\"ImageObject\",\"inLanguage\":\"sv-SE\",\"@id\":\"https:\\\/\\\/svenskahogtider.se\\\/jul\\\/dagens_datum\\\/22-december\\\/#primaryimage\",\"url\":\"https:\\\/\\\/svenskahogtider.se\\\/jul\\\/wp-content\\\/uploads\\\/sites\\\/3\\\/2025\\\/12\\\/22-december.jpg\",\"contentUrl\":\"https:\\\/\\\/svenskahogtider.se\\\/jul\\\/wp-content\\\/uploads\\\/sites\\\/3\\\/2025\\\/12\\\/22-december.jpg\",\"width\":2304,\"height\":1792,\"caption\":\"22 december\"},{\"@type\":\"BreadcrumbList\",\"@id\":\"https:\\\/\\\/svenskahogtider.se\\\/jul\\\/dagens_datum\\\/22-december\\\/#breadcrumb\",\"itemListElement\":[{\"@type\":\"ListItem\",\"position\":1,\"name\":\"Hem\",\"item\":\"https:\\\/\\\/svenskahogtider.se\\\/jul\\\/\"},{\"@type\":\"ListItem\",\"position\":2,\"name\":\"Dagens datumar\",\"item\":\"https:\\\/\\\/svenskahogtider.se\\\/jul\\\/dagens_datum\\\/\"},{\"@type\":\"ListItem\",\"position\":3,\"name\":\"22 december\"}]},{\"@type\":\"WebSite\",\"@id\":\"https:\\\/\\\/svenskahogtider.se\\\/jul\\\/#website\",\"url\":\"https:\\\/\\\/svenskahogtider.se\\\/jul\\\/\",\"name\":\"Jul\",\"description\":\"\",\"potentialAction\":[{\"@type\":\"SearchAction\",\"target\":{\"@type\":\"EntryPoint\",\"urlTemplate\":\"https:\\\/\\\/svenskahogtider.se\\\/jul\\\/?s={search_term_string}\"},\"query-input\":{\"@type\":\"PropertyValueSpecification\",\"valueRequired\":true,\"valueName\":\"search_term_string\"}}],\"inLanguage\":\"sv-SE\"}]}<\/script>\n<!-- \/ Yoast SEO plugin. -->","yoast_head_json":{"title":"22 december 2025 - l\u00e4s mer om dagens betydelse inf\u00f6r Jul en","description":"L\u00e4s mer om vad som h\u00e4nder denna datum i v\u00e4ntan p\u00e5 julen.","robots":{"index":"index","follow":"follow","max-snippet":"max-snippet:-1","max-image-preview":"max-image-preview:large","max-video-preview":"max-video-preview:-1"},"canonical":"https:\/\/svenskahogtider.se\/jul\/dagens_datum\/22-december\/","og_locale":"sv_SE","og_type":"article","og_title":"22 december 2025 - l\u00e4s mer om dagens betydelse inf\u00f6r Jul en","og_description":"L\u00e4s mer om vad som h\u00e4nder denna datum i v\u00e4ntan p\u00e5 julen.","og_url":"https:\/\/svenskahogtider.se\/jul\/dagens_datum\/22-december\/","og_site_name":"Jul","og_image":[{"width":2304,"height":1792,"url":"https:\/\/svenskahogtider.se\/jul\/wp-content\/uploads\/sites\/3\/2025\/12\/22-december.jpg","type":"image\/jpeg"}],"twitter_card":"summary_large_image","twitter_misc":{"Ber\u00e4knad l\u00e4stid":"2 minuter"},"schema":{"@context":"https:\/\/schema.org","@graph":[{"@type":"WebPage","@id":"https:\/\/svenskahogtider.se\/jul\/dagens_datum\/22-december\/","url":"https:\/\/svenskahogtider.se\/jul\/dagens_datum\/22-december\/","name":"22 december 2025 - l\u00e4s mer om dagens betydelse inf\u00f6r Jul en","isPartOf":{"@id":"https:\/\/svenskahogtider.se\/jul\/#website"},"primaryImageOfPage":{"@id":"https:\/\/svenskahogtider.se\/jul\/dagens_datum\/22-december\/#primaryimage"},"image":{"@id":"https:\/\/svenskahogtider.se\/jul\/dagens_datum\/22-december\/#primaryimage"},"thumbnailUrl":"https:\/\/svenskahogtider.se\/jul\/wp-content\/uploads\/sites\/3\/2025\/12\/22-december.jpg","datePublished":"2025-12-21T23:00:00+00:00","description":"L\u00e4s mer om vad som h\u00e4nder denna datum i v\u00e4ntan p\u00e5 julen.","breadcrumb":{"@id":"https:\/\/svenskahogtider.se\/jul\/dagens_datum\/22-december\/#breadcrumb"},"inLanguage":"sv-SE","potentialAction":[{"@type":"ReadAction","target":["https:\/\/svenskahogtider.se\/jul\/dagens_datum\/22-december\/"]}]},{"@type":"ImageObject","inLanguage":"sv-SE","@id":"https:\/\/svenskahogtider.se\/jul\/dagens_datum\/22-december\/#primaryimage","url":"https:\/\/svenskahogtider.se\/jul\/wp-content\/uploads\/sites\/3\/2025\/12\/22-december.jpg","contentUrl":"https:\/\/svenskahogtider.se\/jul\/wp-content\/uploads\/sites\/3\/2025\/12\/22-december.jpg","width":2304,"height":1792,"caption":"22 december"},{"@type":"BreadcrumbList","@id":"https:\/\/svenskahogtider.se\/jul\/dagens_datum\/22-december\/#breadcrumb","itemListElement":[{"@type":"ListItem","position":1,"name":"Hem","item":"https:\/\/svenskahogtider.se\/jul\/"},{"@type":"ListItem","position":2,"name":"Dagens datumar","item":"https:\/\/svenskahogtider.se\/jul\/dagens_datum\/"},{"@type":"ListItem","position":3,"name":"22 december"}]},{"@type":"WebSite","@id":"https:\/\/svenskahogtider.se\/jul\/#website","url":"https:\/\/svenskahogtider.se\/jul\/","name":"Jul","description":"","potentialAction":[{"@type":"SearchAction","target":{"@type":"EntryPoint","urlTemplate":"https:\/\/svenskahogtider.se\/jul\/?s={search_term_string}"},"query-input":{"@type":"PropertyValueSpecification","valueRequired":true,"valueName":"search_term_string"}}],"inLanguage":"sv-SE"}]}},"_links":{"self":[{"href":"https:\/\/svenskahogtider.se\/jul\/wp-json\/wp\/v2\/dagens_datum\/445","targetHints":{"allow":["GET"]}}],"collection":[{"href":"https:\/\/svenskahogtider.se\/jul\/wp-json\/wp\/v2\/dagens_datum"}],"about":[{"href":"https:\/\/svenskahogtider.se\/jul\/wp-json\/wp\/v2\/types\/dagens_datum"}],"author":[{"embeddable":true,"href":"https:\/\/svenskahogtider.se\/jul\/wp-json\/wp\/v2\/users\/1"}],"wp:featuredmedia":[{"embeddable":true,"href":"https:\/\/svenskahogtider.se\/jul\/wp-json\/wp\/v2\/media\/486"}],"wp:attachment":[{"href":"https:\/\/svenskahogtider.se\/jul\/wp-json\/wp\/v2\/media?parent=445"}],"wp:term":[{"taxonomy":"category","embeddable":true,"href":"https:\/\/svenskahogtider.se\/jul\/wp-json\/wp\/v2\/categories?post=445"},{"taxonomy":"post_tag","embeddable":true,"href":"https:\/\/svenskahogtider.se\/jul\/wp-json\/wp\/v2\/tags?post=445"}],"curies":[{"name":"wp","href":"https:\/\/api.w.org\/{rel}","templated":true}]}}