{"id":430,"date":"2025-12-07T00:00:00","date_gmt":"2025-12-06T23:00:00","guid":{"rendered":"https:\/\/svenskahogtider.se\/jul\/?post_type=dagens_datum&#038;p=430"},"modified":"2025-12-07T00:41:33","modified_gmt":"2025-12-06T23:41:33","slug":"7-december","status":"publish","type":"dagens_datum","link":"https:\/\/svenskahogtider.se\/jul\/dagens_datum\/7-december\/","title":{"rendered":"7 december"},"content":{"rendered":"\n<p>Andra <a href=\"https:\/\/svenskahogtider.se\/jul\/traditioner\/advent\/\">advent<\/a> \u00e4r en av de mest st\u00e4mningsfulla dagarna i december, en milstolpe i v\u00e4ntan p\u00e5 julen d\u00e5 det andra ljuset i adventsstaken t\u00e4nds. I \u00e5r infaller andra advent den 7 december, en tidpunkt d\u00e5 m\u00f6rkret \u00e4r som djupast men hemmen fylls av allt mer ljus, v\u00e4rme och f\u00f6rv\u00e4ntan. <br>Adventstiden \u00e4r kyrko\u00e5rets inledning, men den har ocks\u00e5 blivit en viktig del av svensk jultradition l\u00e5ngt utanf\u00f6r kyrkans v\u00e4ggar.<\/p>\n\n\n\n<figure class=\"wp-block-image size-large is-resized\"><img fetchpriority=\"high\" decoding=\"async\" width=\"1024\" height=\"650\" src=\"https:\/\/svenskahogtider.se\/jul\/wp-content\/uploads\/sites\/3\/2025\/12\/2-advent-1024x650.jpg\" alt=\"\" class=\"wp-image-517\" style=\"width:564px;height:auto\" srcset=\"https:\/\/svenskahogtider.se\/jul\/wp-content\/uploads\/sites\/3\/2025\/12\/2-advent-1024x650.jpg 1024w, https:\/\/svenskahogtider.se\/jul\/wp-content\/uploads\/sites\/3\/2025\/12\/2-advent-300x190.jpg 300w, https:\/\/svenskahogtider.se\/jul\/wp-content\/uploads\/sites\/3\/2025\/12\/2-advent-768x487.jpg 768w, https:\/\/svenskahogtider.se\/jul\/wp-content\/uploads\/sites\/3\/2025\/12\/2-advent.jpg 1280w\" sizes=\"(max-width: 1024px) 100vw, 1024px\" \/><\/figure>\n\n\n\n<p>N\u00e4r det andra ljuset t\u00e4nds betyder det att halva adventstiden har passerat. De tv\u00e5 brinnande ljusen symboliserar hopp och f\u00f6rberedelse \u2013 tv\u00e5 teman som ofta g\u00e5r hand i hand under denna tid p\u00e5 \u00e5ret. M\u00e5nga familjer samlas till en lugn adventsfika med <a href=\"https:\/\/svenskahogtider.se\/jul\/mat-och-dryck\/pepparkakor\/\">pepparkakor<\/a>, lussekatter och <a href=\"https:\/\/svenskahogtider.se\/jul\/mat-och-dryck\/glogg\/\">gl\u00f6gg<\/a>. Andra passar p\u00e5 att b\u00f6rja pynta granen, baka inf\u00f6r julen eller titta p\u00e5 en adventskonsert.<\/p>\n\n\n\n<p>Historiskt har perioden kring andra advent varit en tid d\u00e5 julf\u00f6rberedelserna tog fart p\u00e5 allvar. I bondesamh\u00e4llet b\u00f6rjade man st\u00e4da, baka och f\u00f6rbereda maten som skulle r\u00e4cka \u00f6ver julhelgen. \u00c4ven idag \u00e4r det en helg d\u00e5 m\u00e5nga butiker, marknader och julaktiviteter n\u00e5r sin h\u00f6jdpunkt. Julmarknader runt om i landet sjuder av hantverk, dofter och musik, och m\u00e5nga kommuner t\u00e4nder sina stora granar just denna helg.<\/p>\n\n\n\n<p>Den 7 december \u00e4r dessutom n\u00e4ra Lucia, vilket g\u00f6r att m\u00e5nga skolor och f\u00f6rsamlingar h\u00e5ller lucia\u00f6vningar och konserter under helgen. Adventsmusiken, ljusen och f\u00f6rv\u00e4ntan inf\u00f6r decemberdagarna fram\u00e5t skapar en varm atmosf\u00e4r. <\/p>\n\n\n\n<p>Andra advent b\u00e4r d\u00e4rf\u00f6r b\u00e5de tradition och nutid. Det \u00e4r en dag som f\u00f6renar det stilla och det festliga \u2013 en paus i december d\u00e4r man kan andas ut, njuta av ljuset och k\u00e4nna att julen verkligen n\u00e4rmar sig.<\/p>\n","protected":false},"excerpt":{"rendered":"<p>Andra advent \u00e4r en av de mest st\u00e4mningsfulla dagarna i december, en milstolpe i v\u00e4ntan p\u00e5 julen d\u00e5 det andra ljuset i adventsstaken t\u00e4nds. I \u00e5r infaller andra advent den 7 december, en tidpunkt d\u00e5 m\u00f6rkret \u00e4r som djupast men hemmen fylls av allt mer ljus, v\u00e4rme och f\u00f6rv\u00e4ntan. Adventstiden \u00e4r kyrko\u00e5rets inledning, men den [&hellip;]<\/p>\n","protected":false},"author":1,"featured_media":462,"template":"","meta":{"_acf_changed":false},"categories":[1],"tags":[],"class_list":["post-430","dagens_datum","type-dagens_datum","status-publish","has-post-thumbnail","hentry","category-okategoriserade"],"acf":[],"yoast_head":"<!-- This site is optimized with the Yoast SEO plugin v27.5 - https:\/\/yoast.com\/product\/yoast-seo-wordpress\/ -->\n<title>7 december 2025 - l\u00e4s mer om dagens betydelse inf\u00f6r Jul en<\/title>\n<meta name=\"description\" content=\"L\u00e4s mer om vad som h\u00e4nder denna datum i v\u00e4ntan p\u00e5 julen.\" \/>\n<meta name=\"robots\" content=\"index, follow, max-snippet:-1, max-image-preview:large, max-video-preview:-1\" \/>\n<link rel=\"canonical\" href=\"https:\/\/svenskahogtider.se\/jul\/dagens_datum\/7-december\/\" \/>\n<meta property=\"og:locale\" content=\"sv_SE\" \/>\n<meta property=\"og:type\" content=\"article\" \/>\n<meta property=\"og:title\" content=\"7 december 2025 - l\u00e4s mer om dagens betydelse inf\u00f6r Jul en\" \/>\n<meta property=\"og:description\" content=\"L\u00e4s mer om vad som h\u00e4nder denna datum i v\u00e4ntan p\u00e5 julen.\" \/>\n<meta property=\"og:url\" content=\"https:\/\/svenskahogtider.se\/jul\/dagens_datum\/7-december\/\" \/>\n<meta property=\"og:site_name\" content=\"Jul\" \/>\n<meta property=\"article:modified_time\" content=\"2025-12-06T23:41:33+00:00\" \/>\n<meta property=\"og:image\" content=\"https:\/\/svenskahogtider.se\/jul\/wp-content\/uploads\/sites\/3\/2025\/12\/7-december.jpg\" \/>\n\t<meta property=\"og:image:width\" content=\"2304\" \/>\n\t<meta property=\"og:image:height\" content=\"1792\" \/>\n\t<meta property=\"og:image:type\" content=\"image\/jpeg\" \/>\n<meta name=\"twitter:card\" content=\"summary_large_image\" \/>\n<meta name=\"twitter:label1\" content=\"Ber\u00e4knad l\u00e4stid\" \/>\n\t<meta name=\"twitter:data1\" content=\"2 minuter\" \/>\n<script type=\"application\/ld+json\" class=\"yoast-schema-graph\">{\"@context\":\"https:\\\/\\\/schema.org\",\"@graph\":[{\"@type\":\"WebPage\",\"@id\":\"https:\\\/\\\/svenskahogtider.se\\\/jul\\\/dagens_datum\\\/7-december\\\/\",\"url\":\"https:\\\/\\\/svenskahogtider.se\\\/jul\\\/dagens_datum\\\/7-december\\\/\",\"name\":\"7 december 2025 - l\u00e4s mer om dagens betydelse inf\u00f6r Jul en\",\"isPartOf\":{\"@id\":\"https:\\\/\\\/svenskahogtider.se\\\/jul\\\/#website\"},\"primaryImageOfPage\":{\"@id\":\"https:\\\/\\\/svenskahogtider.se\\\/jul\\\/dagens_datum\\\/7-december\\\/#primaryimage\"},\"image\":{\"@id\":\"https:\\\/\\\/svenskahogtider.se\\\/jul\\\/dagens_datum\\\/7-december\\\/#primaryimage\"},\"thumbnailUrl\":\"https:\\\/\\\/svenskahogtider.se\\\/jul\\\/wp-content\\\/uploads\\\/sites\\\/3\\\/2025\\\/12\\\/7-december.jpg\",\"datePublished\":\"2025-12-06T23:00:00+00:00\",\"dateModified\":\"2025-12-06T23:41:33+00:00\",\"description\":\"L\u00e4s mer om vad som h\u00e4nder denna datum i v\u00e4ntan p\u00e5 julen.\",\"breadcrumb\":{\"@id\":\"https:\\\/\\\/svenskahogtider.se\\\/jul\\\/dagens_datum\\\/7-december\\\/#breadcrumb\"},\"inLanguage\":\"sv-SE\",\"potentialAction\":[{\"@type\":\"ReadAction\",\"target\":[\"https:\\\/\\\/svenskahogtider.se\\\/jul\\\/dagens_datum\\\/7-december\\\/\"]}]},{\"@type\":\"ImageObject\",\"inLanguage\":\"sv-SE\",\"@id\":\"https:\\\/\\\/svenskahogtider.se\\\/jul\\\/dagens_datum\\\/7-december\\\/#primaryimage\",\"url\":\"https:\\\/\\\/svenskahogtider.se\\\/jul\\\/wp-content\\\/uploads\\\/sites\\\/3\\\/2025\\\/12\\\/7-december.jpg\",\"contentUrl\":\"https:\\\/\\\/svenskahogtider.se\\\/jul\\\/wp-content\\\/uploads\\\/sites\\\/3\\\/2025\\\/12\\\/7-december.jpg\",\"width\":2304,\"height\":1792,\"caption\":\"7 december\"},{\"@type\":\"BreadcrumbList\",\"@id\":\"https:\\\/\\\/svenskahogtider.se\\\/jul\\\/dagens_datum\\\/7-december\\\/#breadcrumb\",\"itemListElement\":[{\"@type\":\"ListItem\",\"position\":1,\"name\":\"Hem\",\"item\":\"https:\\\/\\\/svenskahogtider.se\\\/jul\\\/\"},{\"@type\":\"ListItem\",\"position\":2,\"name\":\"Dagens datumar\",\"item\":\"https:\\\/\\\/svenskahogtider.se\\\/jul\\\/dagens_datum\\\/\"},{\"@type\":\"ListItem\",\"position\":3,\"name\":\"7 december\"}]},{\"@type\":\"WebSite\",\"@id\":\"https:\\\/\\\/svenskahogtider.se\\\/jul\\\/#website\",\"url\":\"https:\\\/\\\/svenskahogtider.se\\\/jul\\\/\",\"name\":\"Jul\",\"description\":\"\",\"potentialAction\":[{\"@type\":\"SearchAction\",\"target\":{\"@type\":\"EntryPoint\",\"urlTemplate\":\"https:\\\/\\\/svenskahogtider.se\\\/jul\\\/?s={search_term_string}\"},\"query-input\":{\"@type\":\"PropertyValueSpecification\",\"valueRequired\":true,\"valueName\":\"search_term_string\"}}],\"inLanguage\":\"sv-SE\"}]}<\/script>\n<!-- \/ Yoast SEO plugin. -->","yoast_head_json":{"title":"7 december 2025 - l\u00e4s mer om dagens betydelse inf\u00f6r Jul en","description":"L\u00e4s mer om vad som h\u00e4nder denna datum i v\u00e4ntan p\u00e5 julen.","robots":{"index":"index","follow":"follow","max-snippet":"max-snippet:-1","max-image-preview":"max-image-preview:large","max-video-preview":"max-video-preview:-1"},"canonical":"https:\/\/svenskahogtider.se\/jul\/dagens_datum\/7-december\/","og_locale":"sv_SE","og_type":"article","og_title":"7 december 2025 - l\u00e4s mer om dagens betydelse inf\u00f6r Jul en","og_description":"L\u00e4s mer om vad som h\u00e4nder denna datum i v\u00e4ntan p\u00e5 julen.","og_url":"https:\/\/svenskahogtider.se\/jul\/dagens_datum\/7-december\/","og_site_name":"Jul","article_modified_time":"2025-12-06T23:41:33+00:00","og_image":[{"width":2304,"height":1792,"url":"https:\/\/svenskahogtider.se\/jul\/wp-content\/uploads\/sites\/3\/2025\/12\/7-december.jpg","type":"image\/jpeg"}],"twitter_card":"summary_large_image","twitter_misc":{"Ber\u00e4knad l\u00e4stid":"2 minuter"},"schema":{"@context":"https:\/\/schema.org","@graph":[{"@type":"WebPage","@id":"https:\/\/svenskahogtider.se\/jul\/dagens_datum\/7-december\/","url":"https:\/\/svenskahogtider.se\/jul\/dagens_datum\/7-december\/","name":"7 december 2025 - l\u00e4s mer om dagens betydelse inf\u00f6r Jul en","isPartOf":{"@id":"https:\/\/svenskahogtider.se\/jul\/#website"},"primaryImageOfPage":{"@id":"https:\/\/svenskahogtider.se\/jul\/dagens_datum\/7-december\/#primaryimage"},"image":{"@id":"https:\/\/svenskahogtider.se\/jul\/dagens_datum\/7-december\/#primaryimage"},"thumbnailUrl":"https:\/\/svenskahogtider.se\/jul\/wp-content\/uploads\/sites\/3\/2025\/12\/7-december.jpg","datePublished":"2025-12-06T23:00:00+00:00","dateModified":"2025-12-06T23:41:33+00:00","description":"L\u00e4s mer om vad som h\u00e4nder denna datum i v\u00e4ntan p\u00e5 julen.","breadcrumb":{"@id":"https:\/\/svenskahogtider.se\/jul\/dagens_datum\/7-december\/#breadcrumb"},"inLanguage":"sv-SE","potentialAction":[{"@type":"ReadAction","target":["https:\/\/svenskahogtider.se\/jul\/dagens_datum\/7-december\/"]}]},{"@type":"ImageObject","inLanguage":"sv-SE","@id":"https:\/\/svenskahogtider.se\/jul\/dagens_datum\/7-december\/#primaryimage","url":"https:\/\/svenskahogtider.se\/jul\/wp-content\/uploads\/sites\/3\/2025\/12\/7-december.jpg","contentUrl":"https:\/\/svenskahogtider.se\/jul\/wp-content\/uploads\/sites\/3\/2025\/12\/7-december.jpg","width":2304,"height":1792,"caption":"7 december"},{"@type":"BreadcrumbList","@id":"https:\/\/svenskahogtider.se\/jul\/dagens_datum\/7-december\/#breadcrumb","itemListElement":[{"@type":"ListItem","position":1,"name":"Hem","item":"https:\/\/svenskahogtider.se\/jul\/"},{"@type":"ListItem","position":2,"name":"Dagens datumar","item":"https:\/\/svenskahogtider.se\/jul\/dagens_datum\/"},{"@type":"ListItem","position":3,"name":"7 december"}]},{"@type":"WebSite","@id":"https:\/\/svenskahogtider.se\/jul\/#website","url":"https:\/\/svenskahogtider.se\/jul\/","name":"Jul","description":"","potentialAction":[{"@type":"SearchAction","target":{"@type":"EntryPoint","urlTemplate":"https:\/\/svenskahogtider.se\/jul\/?s={search_term_string}"},"query-input":{"@type":"PropertyValueSpecification","valueRequired":true,"valueName":"search_term_string"}}],"inLanguage":"sv-SE"}]}},"_links":{"self":[{"href":"https:\/\/svenskahogtider.se\/jul\/wp-json\/wp\/v2\/dagens_datum\/430","targetHints":{"allow":["GET"]}}],"collection":[{"href":"https:\/\/svenskahogtider.se\/jul\/wp-json\/wp\/v2\/dagens_datum"}],"about":[{"href":"https:\/\/svenskahogtider.se\/jul\/wp-json\/wp\/v2\/types\/dagens_datum"}],"author":[{"embeddable":true,"href":"https:\/\/svenskahogtider.se\/jul\/wp-json\/wp\/v2\/users\/1"}],"wp:featuredmedia":[{"embeddable":true,"href":"https:\/\/svenskahogtider.se\/jul\/wp-json\/wp\/v2\/media\/462"}],"wp:attachment":[{"href":"https:\/\/svenskahogtider.se\/jul\/wp-json\/wp\/v2\/media?parent=430"}],"wp:term":[{"taxonomy":"category","embeddable":true,"href":"https:\/\/svenskahogtider.se\/jul\/wp-json\/wp\/v2\/categories?post=430"},{"taxonomy":"post_tag","embeddable":true,"href":"https:\/\/svenskahogtider.se\/jul\/wp-json\/wp\/v2\/tags?post=430"}],"curies":[{"name":"wp","href":"https:\/\/api.w.org\/{rel}","templated":true}]}}