{"id":387,"date":"2025-12-10T00:01:00","date_gmt":"2025-12-09T23:01:00","guid":{"rendered":"https:\/\/svenskahogtider.se\/jul\/?post_type=dagens_datum&#038;p=387"},"modified":"2025-12-04T23:34:25","modified_gmt":"2025-12-04T22:34:25","slug":"10-december","status":"publish","type":"dagens_datum","link":"https:\/\/svenskahogtider.se\/jul\/dagens_datum\/10-december\/","title":{"rendered":"10 december"},"content":{"rendered":"\n<p>Idag firar vi Nobeldagen.<\/p>\n\n\n\n<p>Nobeldagen \u00e4r en av Sveriges mest h\u00f6gtidliga och internationellt uppm\u00e4rksammade dagar. Datumet \u00e4r valt eftersom det var denna dag Alfred Nobel gick bort \u00e5r 1896, och enligt hans testamente ska Nobelpriset delas ut just d\u00e5 varje \u00e5r. Dagen markerar kulmen p\u00e5 Nobelveckan och utg\u00f6r en h\u00f6gtid som f\u00f6renar vetenskap, kultur och humanism.<\/p>\n\n\n\n<p>I Stockholm delas priserna i fysik, kemi, medicin och litteratur ut, liksom Svenska Riksbankens pris i ekonomisk vetenskap. Ceremonin \u00e4ger rum i Stockholms konserthus, f\u00f6ljt av den praktfulla Nobelbanketten i Stadshuset, d\u00e4r pristagare, kungafamiljen och inbjudna g\u00e4ster deltar. I Oslo delas Nobels fredspris ut av den norska Nobelkommitt\u00e9n, ocks\u00e5 det den 10 december.<\/p>\n\n\n\n<p>F\u00f6r m\u00e5nga svenskar \u00e4r Nobeldagen en dag d\u00e5 man med stolthet f\u00f6ljer h\u00f6gtidligheterna p\u00e5 tv. Det \u00e4r en tradition fylld av elegans, tal, musik och djupt symboliska stunder d\u00e4r m\u00e4nsklighetens str\u00e4van efter kunskap och fred st\u00e5r i centrum. Nobeldagen p\u00e5minner oss om betydelsen av forskning, fri tanke och kreativitet \u2013 v\u00e4rden som forts\u00e4tter att forma v\u00e4rlden och inspirera nya generationer.<\/p>\n","protected":false},"excerpt":{"rendered":"<p>Idag firar vi Nobeldagen. Nobeldagen \u00e4r en av Sveriges mest h\u00f6gtidliga och internationellt uppm\u00e4rksammade dagar. Datumet \u00e4r valt eftersom det var denna dag Alfred Nobel gick bort \u00e5r 1896, och enligt hans testamente ska Nobelpriset delas ut just d\u00e5 varje \u00e5r. Dagen markerar kulmen p\u00e5 Nobelveckan och utg\u00f6r en h\u00f6gtid som f\u00f6renar vetenskap, kultur och [&hellip;]<\/p>\n","protected":false},"author":1,"featured_media":494,"template":"","meta":{"_acf_changed":false},"categories":[1],"tags":[],"class_list":["post-387","dagens_datum","type-dagens_datum","status-publish","has-post-thumbnail","hentry","category-okategoriserade"],"acf":[],"yoast_head":"<!-- This site is optimized with the Yoast SEO plugin v27.5 - https:\/\/yoast.com\/product\/yoast-seo-wordpress\/ -->\n<title>10 december 2025 - l\u00e4s mer om dagens betydelse inf\u00f6r Jul en<\/title>\n<meta name=\"description\" content=\"L\u00e4s mer om vad som h\u00e4nder den 10 december.\" \/>\n<meta name=\"robots\" content=\"index, follow, max-snippet:-1, max-image-preview:large, max-video-preview:-1\" \/>\n<link rel=\"canonical\" href=\"https:\/\/svenskahogtider.se\/jul\/dagens_datum\/10-december\/\" \/>\n<meta property=\"og:locale\" content=\"sv_SE\" \/>\n<meta property=\"og:type\" content=\"article\" \/>\n<meta property=\"og:title\" content=\"10 december 2025 - l\u00e4s mer om dagens betydelse inf\u00f6r Jul en\" \/>\n<meta property=\"og:description\" content=\"L\u00e4s mer om vad som h\u00e4nder den 10 december.\" \/>\n<meta property=\"og:url\" content=\"https:\/\/svenskahogtider.se\/jul\/dagens_datum\/10-december\/\" \/>\n<meta property=\"og:site_name\" content=\"Jul\" \/>\n<meta property=\"og:image\" content=\"https:\/\/svenskahogtider.se\/jul\/wp-content\/uploads\/sites\/3\/2025\/12\/10-december.jpg\" \/>\n\t<meta property=\"og:image:width\" content=\"2304\" \/>\n\t<meta property=\"og:image:height\" content=\"1792\" \/>\n\t<meta property=\"og:image:type\" content=\"image\/jpeg\" \/>\n<meta name=\"twitter:card\" content=\"summary_large_image\" \/>\n<meta name=\"twitter:label1\" content=\"Ber\u00e4knad l\u00e4stid\" \/>\n\t<meta name=\"twitter:data1\" content=\"2 minuter\" \/>\n<script type=\"application\/ld+json\" class=\"yoast-schema-graph\">{\"@context\":\"https:\\\/\\\/schema.org\",\"@graph\":[{\"@type\":\"WebPage\",\"@id\":\"https:\\\/\\\/svenskahogtider.se\\\/jul\\\/dagens_datum\\\/10-december\\\/\",\"url\":\"https:\\\/\\\/svenskahogtider.se\\\/jul\\\/dagens_datum\\\/10-december\\\/\",\"name\":\"10 december 2025 - l\u00e4s mer om dagens betydelse inf\u00f6r Jul en\",\"isPartOf\":{\"@id\":\"https:\\\/\\\/svenskahogtider.se\\\/jul\\\/#website\"},\"primaryImageOfPage\":{\"@id\":\"https:\\\/\\\/svenskahogtider.se\\\/jul\\\/dagens_datum\\\/10-december\\\/#primaryimage\"},\"image\":{\"@id\":\"https:\\\/\\\/svenskahogtider.se\\\/jul\\\/dagens_datum\\\/10-december\\\/#primaryimage\"},\"thumbnailUrl\":\"https:\\\/\\\/svenskahogtider.se\\\/jul\\\/wp-content\\\/uploads\\\/sites\\\/3\\\/2025\\\/12\\\/10-december.jpg\",\"datePublished\":\"2025-12-09T23:01:00+00:00\",\"description\":\"L\u00e4s mer om vad som h\u00e4nder den 10 december.\",\"breadcrumb\":{\"@id\":\"https:\\\/\\\/svenskahogtider.se\\\/jul\\\/dagens_datum\\\/10-december\\\/#breadcrumb\"},\"inLanguage\":\"sv-SE\",\"potentialAction\":[{\"@type\":\"ReadAction\",\"target\":[\"https:\\\/\\\/svenskahogtider.se\\\/jul\\\/dagens_datum\\\/10-december\\\/\"]}]},{\"@type\":\"ImageObject\",\"inLanguage\":\"sv-SE\",\"@id\":\"https:\\\/\\\/svenskahogtider.se\\\/jul\\\/dagens_datum\\\/10-december\\\/#primaryimage\",\"url\":\"https:\\\/\\\/svenskahogtider.se\\\/jul\\\/wp-content\\\/uploads\\\/sites\\\/3\\\/2025\\\/12\\\/10-december.jpg\",\"contentUrl\":\"https:\\\/\\\/svenskahogtider.se\\\/jul\\\/wp-content\\\/uploads\\\/sites\\\/3\\\/2025\\\/12\\\/10-december.jpg\",\"width\":2304,\"height\":1792,\"caption\":\"10 december nobeldagen\"},{\"@type\":\"BreadcrumbList\",\"@id\":\"https:\\\/\\\/svenskahogtider.se\\\/jul\\\/dagens_datum\\\/10-december\\\/#breadcrumb\",\"itemListElement\":[{\"@type\":\"ListItem\",\"position\":1,\"name\":\"Hem\",\"item\":\"https:\\\/\\\/svenskahogtider.se\\\/jul\\\/\"},{\"@type\":\"ListItem\",\"position\":2,\"name\":\"Dagens datumar\",\"item\":\"https:\\\/\\\/svenskahogtider.se\\\/jul\\\/dagens_datum\\\/\"},{\"@type\":\"ListItem\",\"position\":3,\"name\":\"10 december\"}]},{\"@type\":\"WebSite\",\"@id\":\"https:\\\/\\\/svenskahogtider.se\\\/jul\\\/#website\",\"url\":\"https:\\\/\\\/svenskahogtider.se\\\/jul\\\/\",\"name\":\"Jul\",\"description\":\"\",\"potentialAction\":[{\"@type\":\"SearchAction\",\"target\":{\"@type\":\"EntryPoint\",\"urlTemplate\":\"https:\\\/\\\/svenskahogtider.se\\\/jul\\\/?s={search_term_string}\"},\"query-input\":{\"@type\":\"PropertyValueSpecification\",\"valueRequired\":true,\"valueName\":\"search_term_string\"}}],\"inLanguage\":\"sv-SE\"}]}<\/script>\n<!-- \/ Yoast SEO plugin. -->","yoast_head_json":{"title":"10 december 2025 - l\u00e4s mer om dagens betydelse inf\u00f6r Jul en","description":"L\u00e4s mer om vad som h\u00e4nder den 10 december.","robots":{"index":"index","follow":"follow","max-snippet":"max-snippet:-1","max-image-preview":"max-image-preview:large","max-video-preview":"max-video-preview:-1"},"canonical":"https:\/\/svenskahogtider.se\/jul\/dagens_datum\/10-december\/","og_locale":"sv_SE","og_type":"article","og_title":"10 december 2025 - l\u00e4s mer om dagens betydelse inf\u00f6r Jul en","og_description":"L\u00e4s mer om vad som h\u00e4nder den 10 december.","og_url":"https:\/\/svenskahogtider.se\/jul\/dagens_datum\/10-december\/","og_site_name":"Jul","og_image":[{"width":2304,"height":1792,"url":"https:\/\/svenskahogtider.se\/jul\/wp-content\/uploads\/sites\/3\/2025\/12\/10-december.jpg","type":"image\/jpeg"}],"twitter_card":"summary_large_image","twitter_misc":{"Ber\u00e4knad l\u00e4stid":"2 minuter"},"schema":{"@context":"https:\/\/schema.org","@graph":[{"@type":"WebPage","@id":"https:\/\/svenskahogtider.se\/jul\/dagens_datum\/10-december\/","url":"https:\/\/svenskahogtider.se\/jul\/dagens_datum\/10-december\/","name":"10 december 2025 - l\u00e4s mer om dagens betydelse inf\u00f6r Jul en","isPartOf":{"@id":"https:\/\/svenskahogtider.se\/jul\/#website"},"primaryImageOfPage":{"@id":"https:\/\/svenskahogtider.se\/jul\/dagens_datum\/10-december\/#primaryimage"},"image":{"@id":"https:\/\/svenskahogtider.se\/jul\/dagens_datum\/10-december\/#primaryimage"},"thumbnailUrl":"https:\/\/svenskahogtider.se\/jul\/wp-content\/uploads\/sites\/3\/2025\/12\/10-december.jpg","datePublished":"2025-12-09T23:01:00+00:00","description":"L\u00e4s mer om vad som h\u00e4nder den 10 december.","breadcrumb":{"@id":"https:\/\/svenskahogtider.se\/jul\/dagens_datum\/10-december\/#breadcrumb"},"inLanguage":"sv-SE","potentialAction":[{"@type":"ReadAction","target":["https:\/\/svenskahogtider.se\/jul\/dagens_datum\/10-december\/"]}]},{"@type":"ImageObject","inLanguage":"sv-SE","@id":"https:\/\/svenskahogtider.se\/jul\/dagens_datum\/10-december\/#primaryimage","url":"https:\/\/svenskahogtider.se\/jul\/wp-content\/uploads\/sites\/3\/2025\/12\/10-december.jpg","contentUrl":"https:\/\/svenskahogtider.se\/jul\/wp-content\/uploads\/sites\/3\/2025\/12\/10-december.jpg","width":2304,"height":1792,"caption":"10 december nobeldagen"},{"@type":"BreadcrumbList","@id":"https:\/\/svenskahogtider.se\/jul\/dagens_datum\/10-december\/#breadcrumb","itemListElement":[{"@type":"ListItem","position":1,"name":"Hem","item":"https:\/\/svenskahogtider.se\/jul\/"},{"@type":"ListItem","position":2,"name":"Dagens datumar","item":"https:\/\/svenskahogtider.se\/jul\/dagens_datum\/"},{"@type":"ListItem","position":3,"name":"10 december"}]},{"@type":"WebSite","@id":"https:\/\/svenskahogtider.se\/jul\/#website","url":"https:\/\/svenskahogtider.se\/jul\/","name":"Jul","description":"","potentialAction":[{"@type":"SearchAction","target":{"@type":"EntryPoint","urlTemplate":"https:\/\/svenskahogtider.se\/jul\/?s={search_term_string}"},"query-input":{"@type":"PropertyValueSpecification","valueRequired":true,"valueName":"search_term_string"}}],"inLanguage":"sv-SE"}]}},"_links":{"self":[{"href":"https:\/\/svenskahogtider.se\/jul\/wp-json\/wp\/v2\/dagens_datum\/387","targetHints":{"allow":["GET"]}}],"collection":[{"href":"https:\/\/svenskahogtider.se\/jul\/wp-json\/wp\/v2\/dagens_datum"}],"about":[{"href":"https:\/\/svenskahogtider.se\/jul\/wp-json\/wp\/v2\/types\/dagens_datum"}],"author":[{"embeddable":true,"href":"https:\/\/svenskahogtider.se\/jul\/wp-json\/wp\/v2\/users\/1"}],"wp:featuredmedia":[{"embeddable":true,"href":"https:\/\/svenskahogtider.se\/jul\/wp-json\/wp\/v2\/media\/494"}],"wp:attachment":[{"href":"https:\/\/svenskahogtider.se\/jul\/wp-json\/wp\/v2\/media?parent=387"}],"wp:term":[{"taxonomy":"category","embeddable":true,"href":"https:\/\/svenskahogtider.se\/jul\/wp-json\/wp\/v2\/categories?post=387"},{"taxonomy":"post_tag","embeddable":true,"href":"https:\/\/svenskahogtider.se\/jul\/wp-json\/wp\/v2\/tags?post=387"}],"curies":[{"name":"wp","href":"https:\/\/api.w.org\/{rel}","templated":true}]}}